{"id":84,"date":"2015-09-09T12:03:51","date_gmt":"2015-09-09T12:03:51","guid":{"rendered":"http:\/\/regionalforum-nrw.de\/?page_id=84"},"modified":"2017-03-21T13:20:18","modified_gmt":"2017-03-21T13:20:18","slug":"leader-in-nrw","status":"publish","type":"page","link":"http:\/\/regionalforum-nrw.de\/?page_id=84","title":{"rendered":"LEADER in NRW"},"content":{"rendered":"<p><img loading=\"lazy\" class=\"alignnone size-full wp-image-119\" src=\"http:\/\/regionalforum-nrw.de\/wp-content\/uploads\/2015\/09\/LEADER-WettbewerbsaufrufNRW2014.png\" alt=\"LEADER-WettbewerbsaufrufNRW2014\" width=\"530\" height=\"210\" srcset=\"http:\/\/regionalforum-nrw.de\/wp-content\/uploads\/2015\/09\/LEADER-WettbewerbsaufrufNRW2014.png 530w, http:\/\/regionalforum-nrw.de\/wp-content\/uploads\/2015\/09\/LEADER-WettbewerbsaufrufNRW2014-300x119.png 300w, http:\/\/regionalforum-nrw.de\/wp-content\/uploads\/2015\/09\/LEADER-WettbewerbsaufrufNRW2014-500x198.png 500w\" sizes=\"(max-width: 530px) 100vw, 530px\" \/><\/p>\n<p>LEADER ist ein F\u00f6rderprogramm der Europ\u00e4ischen Union zur Entwicklung des l\u00e4ndlichen Raumes. LEADER steht dabei f\u00fcr \u201e<em>Liaison entre actions de d\u00e9veloppement de l\u00b4\u00e9conomie rurale\u201c, was \u00fcbersetzt etwa bedeutet \u201eVerbindung zwischen Aktionen zur Entwicklung der l\u00e4ndlichen Wirtschaft\u201c.<\/em> Das Programm ist Teil des Europ\u00e4ischen Landwirtschaftsfonds (ELER). Ziel der F\u00f6rderung ist die Unterst\u00fctzung einer eigenst\u00e4ndigen und nachhaltigen Regionalentwicklung in l\u00e4ndlichen Gebieten.<\/p>\n<p>Die Menschen vor Ort kennen St\u00e4rken und Entwicklungsm\u00f6glichkeiten am besten. Ideen aus Wirtschaft, Tourismus, Naturschutz, Land- und Forstwirtschaft k\u00f6nnen durch LEADER-Initiativen geb\u00fcndelt und verwirklicht werden.<\/p>\n<p>Diese Ziele stehen im Vordergrund der LEADER-Umsetzung<\/p>\n<ol start=\"1\">\n<li>Verbesserung der Wettbewerbsf\u00e4higkeit der Land- und Forstwirtschaft durch F\u00f6rderung der Umstrukturierung, Entwicklung und Innovation.<\/li>\n<li>Verbesserung der Umwelt und der Landschaft durch F\u00f6rderung der Landbewirtschaftung.<\/li>\n<li>Verbesserung der Lebensqualit\u00e4t im l\u00e4ndlichen Raum und Diversifizierung der l\u00e4ndlichen Wirtschaft.<\/li>\n<\/ol>\n<p>Die Umsetzung in Nordrhein-Westfalen erfolgt \u00fcber das NRW-Programm L\u00e4ndlicher Raum 2014-2020. Weitere Informationen zum NRW-Programm L\u00e4ndlicher Raum finden Sie auf der Internetpr\u00e4senz des Ministeriums f\u00fcr Klimaschutz, Umwelt, Landwirtschaft, Natur- und Verbraucherschutz NRW:<\/p>\n<p><a href=\"https:\/\/www.umwelt.nrw.de\/laendliche-raeume-landwirtschaft-tierhaltung\/grundlagen-der-agrarfoerderung\/eler-foerderung-nrw-programm-laendlicher-raum\/\" target=\"_blank\">http:\/\/www.umwelt.nrw.de<\/a><\/p>\n<p>In diesem kurzen Film wird einfach und verst\u00e4ndlich erkl\u00e4rt, was LEADER ist und wie die Regionalentwicklungsmethode in ihren Grundz\u00fcgen funktioniert:<\/p>\n<p><iframe width=\"584\" height=\"329\" src=\"https:\/\/www.youtube.com\/embed\/LPqvIZJOROs?feature=oembed\" frameborder=\"0\" allowfullscreen><\/iframe><\/p>\n<p>Insgesamt 28 LEADER-Regionen wurden in Nordrhein-Westfalen im Wettbewerbsverfahren f\u00fcr die aktuelle F\u00f6rderperiode 2014-2020 ausgew\u00e4hlt.<\/p>\n<ul>\n<li>3 L in Lippe (Kreis Lippe) \u00a0\u00a0 <a href=\"http:\/\/3l-in-lippe.de\/\" target=\"_blank\">http:\/\/3l-in-lippe.de\/<\/a><\/li>\n<li>3-L\u00e4nder-Eck (Kreis Siegen-Wittgenstein) \u00a0\u00a0 <a href=\"http:\/\/dreilaendereck-leader.blogspot.de\/\" target=\"_blank\">http:\/\/dreilaendereck-leader.blogspot.de\/<\/a><\/li>\n<li>4 Mitten im Sauerland (Hochsauerlandkreis) \u00a0\u00a0 <a href=\"http:\/\/www.leader-sauerland.de\" target=\"_blank\">www.leader-sauerland.de<\/a><\/li>\n<li>5verBund (Kreis Soest)<\/li>\n<li>Baumberge (Kreis Coesfeld)\u00a0\u00a0\u00a0\u00a0 <a href=\"http:\/\/www.leader-baumberge.de\" target=\"_blank\">www.leader-baumberge.de<\/a><\/li>\n<li>Bergisches Wasserland (Rheinisch-Bergischer Kreis) \u00a0\u00a0<a href=\"http:\/\/www.leader-bergisches-wasserland.de\" target=\"_blank\"> http:\/\/www.leader-bergisches-wasserland.de<\/a><\/li>\n<li>BiggeLand \u2013 Echt.Zukunft (Kreis Olpe)\u00a0\u00a0\u00a0 <a href=\"https:\/\/www.facebook.com\/biggeland\" target=\"_blank\">https:\/\/www.facebook.com\/biggeland<\/a><\/li>\n<li>Bocholter Aa (Kreis Borken)\u00a0\u00a0\u00a0\u00a0 <a href=\"http:\/\/www.region-bocholter-aa.de\" target=\"_blank\">www.region-bocholter-aa.de<\/a><\/li>\n<li>B\u00f6rde trifft Ruhr (Kreis Unna)\u00a0\u00a0\u00a0 <a href=\"http:\/\/leader-ahl.de\/was-ist-leader\/www.boerdetrifftruhr.de\/\" target=\"_blank\">www.boerdetrifftruhr.de\/<\/a><\/li>\n<li>Eifel (Kreise Aachen, D\u00fcren und Euskirchen)\u00a0\u00a0\u00a0\u00a0 <a href=\"http:\/\/www.leader-eifel.de\" target=\"_blank\">www.leader-eifel.de<\/a><\/li>\n<li>Hochsauerland (Hochsauerlandkreis)\u00a0\u00a0\u00a0\u00a0 <a href=\"http:\/\/leader-ahl.de\/was-ist-leader\/www.leader-hochsauerland.de\" target=\"_blank\">www.leader-hochsauerland.de<\/a><\/li>\n<li>Kulturland Kreis H\u00f6xter (Kreis H\u00f6xter) \u00a0\u00a0 <a href=\"http:\/\/www.leader-in-hx.eu\/\" target=\"_blank\">http:\/\/www.leader-in-hx.eu\/<\/a><\/li>\n<li>Kulturlandschaft Ahaus-Heek-Legden\u00a0\u00a0\u00a0 <a href=\"http:\/\/leader-ahl.de\/\">http:\/\/leader-ahl.de\/<\/a><\/li>\n<li>Leistende Landschaft (Kreis Kleve) \u00a0\u00a0 <a href=\"http:\/\/leistende-landschaft.jimdo.com\/\" target=\"_blank\">http:\/\/leistende-landschaft.jimdo.com\/<\/a><\/li>\n<li>LenneSchiene (M\u00e4rkischer Kreis und Kreis Olpe)\u00a0\u00a0\u00a0 <a href=\"http:\/\/www.leader-lenneschiene.de\" target=\"_blank\">http:\/\/www.leader-lenneschiene.de<\/a><\/li>\n<li>Lippe-Issel-Niederrhein (Kreise Wesel, Borken, Kleve)\u00a0\u00a0\u00a0\u00a0 <a href=\"http:\/\/www.lippe-issel-niederrhein.de\" target=\"_blank\">www.lippe-issel-niederrhein.de<\/a><\/li>\n<li>Lippe \u2013 M\u00f6hnesee (Kreis Soest)\u00a0\u00a0\u00a0 <a href=\"http:\/\/www.leader-lippe-moehnesee.de\/\" target=\"_blank\">http:\/\/www.leader-lippe-moehnesee.de\/<\/a><\/li>\n<li>Niederrhein \u2013 nat\u00fcrlich lebendig (Kreis Wesel)<\/li>\n<li>Nordlippe (Kreis Lippe)\u00a0\u00a0\u00a0\u00a0 <a href=\"http:\/\/leader-ahl.de\/was-ist-leader\/www.nordlippe.de\" target=\"_blank\">www.nordlippe.de<\/a><\/li>\n<li>Oben an der Volme (M\u00e4rkischer Kreis)\u00a0\u00a0\u00a0\u00a0 <a href=\"http:\/\/oben-an-der-volme.de\/\" target=\"_blank\">http:\/\/oben-an-der-volme.de\/<\/a><\/li>\n<li>Oberberg (Oberbergischer Kreis) \u00a0\u00a0 <a href=\"http:\/\/www.1000-doerfer.de\" target=\"_blank\">http:\/\/www.1000-doerfer.de<\/a><\/li>\n<li>Rheinisches Revier an Inde und Rur (Kreis D\u00fcren und St\u00e4dteregion Aachen) \u00a0\u00a0 <a href=\"http:\/\/leader-rheinischesrevier-inde-rur.de\/\" target=\"_blank\">http:\/\/leader-rheinischesrevier-inde-rur.de\/<\/a><\/li>\n<li>Steinfurter Land (Kreise Steinfurt und Borken)\u00a0\u00a0\u00a0\u00a0 <a href=\"http:\/\/leader-ahl.de\/was-ist-leader\/www.lag-steinfurterland.de\" target=\"_blank\">www.lag-steinfurterland.de<\/a><\/li>\n<li>S\u00fcdliches Paderborner Land (Kreis Paderborn)\u00a0\u00a0\u00a0\u00a0 <a href=\"http:\/\/leader-ahl.de\/was-ist-leader\/www.suedliches-paderborner-land.de\" target=\"_blank\">www.suedliches-paderborner-land.de<\/a><\/li>\n<li>Tecklenburger Land (Kreis Steinfurt) \u00a0\u00a0 <a href=\"http:\/\/leader-ahl.de\/was-ist-leader\/www.lag-tecklenburgerland.de\" target=\"_blank\">www.lag-tecklenburgerland.de<\/a><\/li>\n<li>Wittgenstein (Kreis Siegen-Wittgenstein)<\/li>\n<li>Z\u00fclpicher B\u00f6rde (Kreise D\u00fcren, Euskirchen, Rhein-Erft-Kreis)\u00a0\u00a0\u00a0\u00a0 <a href=\"http:\/\/www.zuelpicherboerde.de\/\" target=\"_blank\">http:\/\/www.zuelpicherboerde.de\/<\/a><\/li>\n<\/ul>\n","protected":false},"excerpt":{"rendered":"<p>LEADER ist ein F\u00f6rderprogramm der Europ\u00e4ischen Union zur Entwicklung des l\u00e4ndlichen Raumes. LEADER steht dabei f\u00fcr \u201eLiaison entre actions de d\u00e9veloppement de l\u00b4\u00e9conomie rurale\u201c, was \u00fcbersetzt etwa bedeutet \u201eVerbindung zwischen Aktionen zur Entwicklung der l\u00e4ndlichen Wirtschaft\u201c. Das Programm ist Teil &hellip; <a href=\"http:\/\/regionalforum-nrw.de\/?page_id=84\">Weiterlesen <span class=\"meta-nav\">&rarr;<\/span><\/a><\/p>\n","protected":false},"author":1,"featured_media":0,"parent":0,"menu_order":0,"comment_status":"closed","ping_status":"closed","template":"","meta":[],"_links":{"self":[{"href":"http:\/\/regionalforum-nrw.de\/index.php?rest_route=\/wp\/v2\/pages\/84"}],"collection":[{"href":"http:\/\/regionalforum-nrw.de\/index.php?rest_route=\/wp\/v2\/pages"}],"about":[{"href":"http:\/\/regionalforum-nrw.de\/index.php?rest_route=\/wp\/v2\/types\/page"}],"author":[{"embeddable":true,"href":"http:\/\/regionalforum-nrw.de\/index.php?rest_route=\/wp\/v2\/users\/1"}],"replies":[{"embeddable":true,"href":"http:\/\/regionalforum-nrw.de\/index.php?rest_route=%2Fwp%2Fv2%2Fcomments&post=84"}],"version-history":[{"count":5,"href":"http:\/\/regionalforum-nrw.de\/index.php?rest_route=\/wp\/v2\/pages\/84\/revisions"}],"predecessor-version":[{"id":207,"href":"http:\/\/regionalforum-nrw.de\/index.php?rest_route=\/wp\/v2\/pages\/84\/revisions\/207"}],"wp:attachment":[{"href":"http:\/\/regionalforum-nrw.de\/index.php?rest_route=%2Fwp%2Fv2%2Fmedia&parent=84"}],"curies":[{"name":"wp","href":"https:\/\/api.w.org\/{rel}","templated":true}]}}